{"id":361,"date":"2017-10-04T17:40:01","date_gmt":"2017-10-04T17:40:01","guid":{"rendered":"http:\/\/www.portaldainclusao.org.br\/cms\/?page_id=361"},"modified":"2024-07-31T11:05:57","modified_gmt":"2024-07-31T14:05:57","slug":"como-contratar-uma-pcd-agora","status":"publish","type":"page","link":"https:\/\/www.portaldainclusao.org.br\/cms\/","title":{"rendered":"Como contratar uma PcD agora"},"content":{"rendered":"[et_pb_section fb_built=&#8221;1&#8243; admin_label=&#8221;section&#8221; _builder_version=&#8221;4.27.0&#8243; custom_margin=&#8221;||||false|false&#8221; custom_padding=&#8221;0px||||false|false&#8221; global_colors_info=&#8221;{}&#8221;][et_pb_row use_custom_gutter=&#8221;on&#8221; _builder_version=&#8221;4.27.0&#8243; _module_preset=&#8221;default&#8221; width=&#8221;100%&#8221; max_width=&#8221;1938px&#8221; custom_margin=&#8221;0px||||false|false&#8221; custom_padding=&#8221;0px||||false|false&#8221; global_colors_info=&#8221;{}&#8221;][et_pb_column type=&#8221;4_4&#8243; _builder_version=&#8221;4.27.0&#8243; _module_preset=&#8221;default&#8221; global_colors_info=&#8221;{}&#8221;][et_pb_image src=&#8221;http:\/\/www.portaldainclusao.org.br\/cms\/wp-content\/uploads\/2017\/08\/cropped-iStock-498894652-1.jpg&#8221; title_text=&#8221;cropped-iStock-498894652-1.jpg&#8221; _builder_version=&#8221;4.27.0&#8243; _module_preset=&#8221;default&#8221; custom_margin=&#8221;0px||||false|false&#8221; custom_padding=&#8221;0px||||false|false&#8221; global_colors_info=&#8221;{}&#8221;][\/et_pb_image][\/et_pb_column][\/et_pb_row][et_pb_row column_structure=&#8221;1_3,1_3,1_3&#8243; _builder_version=&#8221;4.27.0&#8243; _module_preset=&#8221;default&#8221; global_colors_info=&#8221;{}&#8221;][et_pb_column type=&#8221;1_3&#8243; _builder_version=&#8221;4.27.0&#8243; _module_preset=&#8221;default&#8221; global_colors_info=&#8221;{}&#8221;][et_pb_button button_text=&#8221;Sou Deficiente&#8221; button_alignment=&#8221;center&#8221; _builder_version=&#8221;4.27.0&#8243; _module_preset=&#8221;default&#8221; custom_button=&#8221;on&#8221; button_text_color=&#8221;#FFFFFF&#8221; button_bg_color=&#8221;#7CDA24&#8243; button_border_width=&#8221;0px&#8221; button_border_radius=&#8221;10px&#8221; hover_enabled=&#8221;0&#8243; global_colors_info=&#8221;{}&#8221; button_url=&#8221;https:\/\/www.portaldainclusao.org.br\/cms\/cadastro-pcd\/&#8221; sticky_enabled=&#8221;0&#8243;][\/et_pb_button][et_pb_text _builder_version=&#8221;4.27.0&#8243; _module_preset=&#8221;default&#8221; hover_enabled=&#8221;0&#8243; global_colors_info=&#8221;{}&#8221; custom_margin=&#8221;||||false|false&#8221; custom_padding=&#8221;32px||||false|false&#8221; sticky_enabled=&#8221;0&#8243;]<h4>O que fazer para conquistar o seu desejado emprego?<\/h4>\n<p><!-- \/wp:post-content --><\/p>\n<p><!-- wp:paragraph --><\/p>\n<p>1. Cadastre seu curr\u00edculo agora mesmo!<\/p>\n<p><!-- \/wp:paragraph --><\/p>\n<p><!-- wp:paragraph --><\/p>\n<p>2. Pesquise as vagas em sua regi\u00e3o &#8211; essa consulta gratuita ser\u00e1 ativada nos pr\u00f3ximos dias;<\/p>\n<p><!-- \/wp:paragraph --><\/p>\n<p><!-- wp:paragraph --><\/p>\n<p>3. Ao identificar a oportunidade, fale diretamente com o represetante da Empresa Contratante, mandando seu curriculo via email ou acessando o link disponibilizado pela Empresa!<\/p>\n<p><!-- \/wp:paragraph --><\/p>\n<p><!-- wp:paragraph --><\/p>\n<p>Simples assim&#8230;<\/p>\n<p><!-- \/wp:paragraph --><\/p>\n<p><!-- wp:paragraph --><\/p>\n<p><a href=\"https:\/\/www.portaldainclusao.org.br\/cms\/cadastro-pcd\/\">Que tal, vamos come\u00e7ar agora?<\/a><\/p>[\/et_pb_text][et_pb_button button_text=&#8221;Deficiente Inscreva-se Agora&#8221; button_alignment=&#8221;center&#8221; _builder_version=&#8221;4.27.0&#8243; _module_preset=&#8221;default&#8221; custom_button=&#8221;on&#8221; button_text_color=&#8221;#FFFFFF&#8221; button_bg_color=&#8221;#7CDA24&#8243; button_border_width=&#8221;0px&#8221; button_border_radius=&#8221;10px&#8221; hover_enabled=&#8221;0&#8243; global_colors_info=&#8221;{}&#8221; button_url=&#8221;https:\/\/www.portaldainclusao.org.br\/cms\/cadastro-pcd\/&#8221; sticky_enabled=&#8221;0&#8243;][\/et_pb_button][\/et_pb_column][et_pb_column type=&#8221;1_3&#8243; _builder_version=&#8221;4.27.0&#8243; _module_preset=&#8221;default&#8221; global_colors_info=&#8221;{}&#8221;][et_pb_button button_text=&#8221;RH Empresa&#8221; button_alignment=&#8221;center&#8221; _builder_version=&#8221;4.27.0&#8243; _module_preset=&#8221;default&#8221; custom_button=&#8221;on&#8221; button_text_color=&#8221;#FFFFFF&#8221; button_bg_color=&#8221;#8300E9&#8243; button_border_width=&#8221;0px&#8221; button_border_radius=&#8221;10px&#8221; hover_enabled=&#8221;0&#8243; global_colors_info=&#8221;{}&#8221; button_url=&#8221;https:\/\/www.portaldainclusao.org.br\/cms\/servicos\/&#8221; sticky_enabled=&#8221;0&#8243;][\/et_pb_button][et_pb_text _builder_version=&#8221;4.27.0&#8243; _module_preset=&#8221;default&#8221; hover_enabled=&#8221;0&#8243; global_colors_info=&#8221;{}&#8221; custom_padding=&#8221;32px||||false|false&#8221; text_line_height=&#8221;1.6em&#8221; sticky_enabled=&#8221;0&#8243;]<h4>Como contratar um Talento PCD agora:<\/h4>\n<p><!-- \/wp:paragraph --><\/p>\n<p><!-- wp:paragraph --><\/p>\n<p>1.\u00a0 Sua Empresa se cadastra e apresenta as vagas dispon\u00edveis em nosso website;<\/p>\n<p>Com o cadastramento, Sua Empresa passa a obter acesso para consultas gratuitas em nosso banco de talentos PCD\u00b4s &#8211; essa consulta ser\u00e1 ativada nos pr\u00f3ximos dias;<\/p>\n<p>2. Ao identificar uma pessoa que atenda aos quesitos de sua vaga, voce poder\u00e1 fazer contato direto com este profissional, evoluindo conversa\u00e7\u00f5es;<\/p>\n<p>3. Ap\u00f3s realizar a entrevista, sua empresa poder\u00e1 contratar diretamente a PcD &#8211; <strong>\u00e9 gr\u00e1tis para Empresas Contratantes Diretas!<\/strong><\/p>\n<p>Gostou?<\/p>\n<p>&nbsp;<\/p>\n<p><a href=\"https:\/\/www.portaldainclusao.org.br\/cms\/servicos\/\">CONTRATE UM TALENTO PCD agora!<\/a><\/p>\n<p><!-- \/wp:paragraph --><\/p>\n<p><!-- \/wp:paragraph --><\/p>\n<p><!-- wp:paragraph --><\/p>\n<p><!-- \/wp:paragraph --><\/p>\n<p><!-- wp:paragraph --><\/p>\n<p><!-- \/wp:paragraph --><\/p>\n<p><!-- wp:heading {\"level\":5} --><\/p>\n<p><!-- \/wp:heading --><\/p>\n<p><!-- wp:heading {\"level\":5} --><\/p>[\/et_pb_text][\/et_pb_column][et_pb_column type=&#8221;1_3&#8243; _builder_version=&#8221;4.27.0&#8243; _module_preset=&#8221;default&#8221; global_colors_info=&#8221;{}&#8221;][et_pb_image src=&#8221;http:\/\/www.portaldainclusao.org.br\/cms\/wp-content\/uploads\/2023\/02\/selo-amigo-do-surdo-laranja-redondo-hugo.png&#8221; title_text=&#8221;selo-amigo-do-surdo-laranja-redondo-hugo&#8221; align=&#8221;center&#8221; _builder_version=&#8221;4.27.0&#8243; _module_preset=&#8221;default&#8221; width=&#8221;57%&#8221; global_colors_info=&#8221;{}&#8221;][\/et_pb_image][et_pb_image src=&#8221;http:\/\/www.portaldainclusao.org.br\/cms\/wp-content\/uploads\/2021\/07\/Fundamentos-Salesforce.png&#8221; title_text=&#8221;Fundamentos Salesforce&#8221; align=&#8221;center&#8221; _builder_version=&#8221;4.27.0&#8243; _module_preset=&#8221;default&#8221; transform_scale=&#8221;125%|125%&#8221; hover_enabled=&#8221;0&#8243; global_colors_info=&#8221;{}&#8221; url=&#8221;https:\/\/www.portaldainclusao.org.br\/cms\/fundamentos-salesforce\/&#8221; url_new_window=&#8221;on&#8221; sticky_enabled=&#8221;0&#8243;][\/et_pb_image][et_pb_text _builder_version=&#8221;4.27.0&#8243; _module_preset=&#8221;default&#8221; text_font=&#8221;|600|||||||&#8221; text_font_size=&#8221;16px&#8221; text_orientation=&#8221;center&#8221; custom_margin=&#8221;||37px|-37px|false|false&#8221; custom_padding=&#8221;19px||||false|false&#8221; global_colors_info=&#8221;{}&#8221;]<p>Artigos Pertinentes<\/p>[\/et_pb_text][et_pb_menu menu_id=&#8221;65&#8243; active_link_color=&#8221;#000000&#8243; logo_width=&#8221;100%&#8221; _builder_version=&#8221;4.27.0&#8243; _module_preset=&#8221;default&#8221; menu_text_color=&#8221;#0C71C3&#8243; width=&#8221;63%&#8221; custom_margin=&#8221;-27px|||66px|false|false&#8221; global_colors_info=&#8221;{}&#8221;][\/et_pb_menu][\/et_pb_column][\/et_pb_row][\/et_pb_section]","protected":false},"excerpt":{"rendered":"<p>O que fazer para conquistar o seu desejado emprego? 1. Cadastre seu curr\u00edculo agora mesmo! 2. Pesquise as vagas em sua regi\u00e3o &#8211; essa consulta gratuita ser\u00e1 ativada nos pr\u00f3ximos dias; 3. Ao identificar a oportunidade, fale diretamente com o represetante da Empresa Contratante, mandando seu curriculo via email ou acessando o link disponibilizado pela [&hellip;]<\/p>\n","protected":false},"author":1,"featured_media":0,"parent":0,"menu_order":0,"comment_status":"closed","ping_status":"closed","template":"","meta":{"_et_pb_use_builder":"on","_et_pb_old_content":"<!-- wp:image {\"id\":306,\"sizeSlug\":\"large\"} -->\n<figure class=\"wp-block-image size-large\"><img src=\"http:\/\/www.portaldainclusao.org.br\/cms\/wp-content\/uploads\/2017\/08\/iStock-498894652-1024x683.jpg\" alt=\"\" class=\"wp-image-306\"\/><\/figure>\n<!-- \/wp:image -->\n\n<!-- wp:columns -->\n<div class=\"wp-block-columns\"><!-- wp:column -->\n<div class=\"wp-block-column\"><!-- wp:image {\"align\":\"center\",\"id\":11164,\"sizeSlug\":\"large\"} -->\n<div class=\"wp-block-image\"><figure class=\"aligncenter size-large\"><a href=\"https:\/\/www.portaldainclusao.org.br\/cms\/cadastro-pcd\/\"><img src=\"https:\/\/www.portaldainclusao.org.br\/cms\/wp-content\/uploads\/2020\/04\/sou_deficiente.jpg\" alt=\"\" class=\"wp-image-11164\"\/><\/a><\/figure><\/div>\n<!-- \/wp:image -->\n\n<!-- wp:heading {\"level\":3} -->\n<h3>O que fazer para conquistar o seu desejado emprego?<\/h3>\n<!-- \/wp:heading -->\n\n<!-- wp:paragraph -->\n<p>1. Cadastre seu curr\u00edculo agora mesmo!<\/p>\n<!-- \/wp:paragraph -->\n\n<!-- wp:paragraph -->\n<p>2. Pesquise as vagas em sua regi\u00e3o - essa consulta gratuita ser\u00e1 ativada nos pr\u00f3ximos dias;<\/p>\n<!-- \/wp:paragraph -->\n\n<!-- wp:paragraph -->\n<p>3. Ao identificar a oportunidade, fale diretamente com o represetante da Empresa Contratante, mandando seu curriculo via email ou acessando o link disponibilizado pela Empresa!<\/p>\n<!-- \/wp:paragraph -->\n\n<!-- wp:paragraph -->\n<p>Simples assim...<\/p>\n<!-- \/wp:paragraph -->\n\n<!-- wp:paragraph -->\n<p><a href=\"https:\/\/www.portaldainclusao.org.br\/cms\/cadastro-pcd\/\">Que tal, vamos come\u00e7ar agora?<\/a><\/p>\n<!-- \/wp:paragraph -->\n\n<!-- wp:paragraph -->\n<p><\/p>\n<!-- \/wp:paragraph -->\n\n<!-- wp:image {\"align\":\"center\",\"id\":11164,\"sizeSlug\":\"large\"} -->\n<div class=\"wp-block-image\"><figure class=\"aligncenter size-large\"><a href=\"https:\/\/www.portaldainclusao.org.br\/cms\/cadastro-pcd\/\"><img src=\"https:\/\/www.portaldainclusao.org.br\/cms\/wp-content\/uploads\/2020\/04\/sou_deficiente.jpg\" alt=\"\" class=\"wp-image-11164\"\/><\/a><\/figure><\/div>\n<!-- \/wp:image --><\/div>\n<!-- \/wp:column -->\n\n<!-- wp:column -->\n<div class=\"wp-block-column\"><!-- wp:image {\"align\":\"center\",\"id\":11165,\"sizeSlug\":\"large\"} -->\n<div class=\"wp-block-image\"><figure class=\"aligncenter size-large\"><a href=\"https:\/\/www.portaldainclusao.org.br\/cms\/servicos\/\"><img src=\"https:\/\/www.portaldainclusao.org.br\/cms\/wp-content\/uploads\/2020\/04\/rh_empresa.jpg\" alt=\"\" class=\"wp-image-11165\"\/><\/a><\/figure><\/div>\n<!-- \/wp:image -->\n\n<!-- wp:heading {\"level\":3} -->\n<h3>Como contratar um Talento PCD agora:<\/h3>\n<!-- \/wp:heading -->\n\n<!-- wp:paragraph -->\n<p>1.&nbsp; Sua Empresa se cadastra e apresenta as vagas dispon\u00edveis em nosso website;<\/p>\n<!-- \/wp:paragraph -->\n\n<!-- wp:paragraph -->\n<p>Com o cadastramento, Sua Empresa passa a obter acesso para consultas gratuitas em nosso banco de talentos PCD\u00b4s - essa consulta ser\u00e1 ativada nos pr\u00f3ximos dias;<\/p>\n<!-- \/wp:paragraph -->\n\n<!-- wp:paragraph -->\n<p>2. Ao identificar uma pessoa que atenda aos quesitos de sua vaga, voce poder\u00e1 fazer contato direto com este profissional, evoluindo conversa\u00e7\u00f5es;<\/p>\n<!-- \/wp:paragraph -->\n\n<!-- wp:paragraph -->\n<p>3. Ap\u00f3s realizar a entrevista, sua empresa poder\u00e1 contratar diretamente a PcD - <strong>\u00e9 gr\u00e1tis para Empresas Contratantes Diretas!<\/strong> <\/p>\n<!-- \/wp:paragraph -->\n\n<!-- wp:heading {\"level\":5} -->\n<h5>Gostou?<\/h5>\n<!-- \/wp:heading -->\n\n<!-- wp:heading {\"level\":5} -->\n<h5><a href=\"https:\/\/www.portaldainclusao.org.br\/cms\/servicos\/\">CONTRATE UM TALENTO PCD agora!<\/a><\/h5>\n<!-- \/wp:heading -->\n\n<!-- wp:paragraph -->\n<p><\/p>\n<!-- \/wp:paragraph --><\/div>\n<!-- \/wp:column --><\/div>\n<!-- \/wp:columns -->","_et_gb_content_width":"","footnotes":""},"class_list":["post-361","page","type-page","status-publish","hentry"],"_links":{"self":[{"href":"https:\/\/www.portaldainclusao.org.br\/cms\/wp-json\/wp\/v2\/pages\/361","targetHints":{"allow":["GET"]}}],"collection":[{"href":"https:\/\/www.portaldainclusao.org.br\/cms\/wp-json\/wp\/v2\/pages"}],"about":[{"href":"https:\/\/www.portaldainclusao.org.br\/cms\/wp-json\/wp\/v2\/types\/page"}],"author":[{"embeddable":true,"href":"https:\/\/www.portaldainclusao.org.br\/cms\/wp-json\/wp\/v2\/users\/1"}],"replies":[{"embeddable":true,"href":"https:\/\/www.portaldainclusao.org.br\/cms\/wp-json\/wp\/v2\/comments?post=361"}],"version-history":[{"count":9,"href":"https:\/\/www.portaldainclusao.org.br\/cms\/wp-json\/wp\/v2\/pages\/361\/revisions"}],"predecessor-version":[{"id":27991,"href":"https:\/\/www.portaldainclusao.org.br\/cms\/wp-json\/wp\/v2\/pages\/361\/revisions\/27991"}],"wp:attachment":[{"href":"https:\/\/www.portaldainclusao.org.br\/cms\/wp-json\/wp\/v2\/media?parent=361"}],"curies":[{"name":"wp","href":"https:\/\/api.w.org\/{rel}","templated":true}]}}